{"id":30498,"date":"2022-08-15T16:34:27","date_gmt":"2022-08-15T14:34:27","guid":{"rendered":"https:\/\/www.apiagentura.gov.cz\/?page_id=30498"},"modified":"2023-11-21T10:29:58","modified_gmt":"2023-11-21T09:29:58","slug":"obnovitelne-zdroje-energie-vetrne-elektrarny-vyzva-i","status":"publish","type":"page","link":"https:\/\/apiagentura.gov.cz\/cs\/podporovane-aktivity-optak\/obnovitelne-zdroje-energie\/obnovitelne-zdroje-energie-vetrne-elektrarny-vyzva-i\/","title":{"rendered":"Obnoviteln\u00e9 zdroje energie &#8211; v\u011btrn\u00e9 elektr\u00e1rny &#8211; v\u00fdzva I"},"content":{"rendered":"<p><\/p>\n<h3>Informace pro \u017eadatele a p\u0159\u00edjemce<\/h3>\n<p class=\"xmsonormal\"><b><span style=\"color: #212121;\">Dne 28. 7. 2023: <\/span><span style=\"color: #212121;\"><span style=\"color: #ff0000;\">P\u0159ed\u010dasn\u00e9 ukon\u010den\u00ed p\u0159\u00edjmu \u017e\u00e1dost\u00ed<\/span> ve v\u00fdzv\u011b I. v aktivit\u011b Obnoviteln\u00e9 zdroje energie \u2013 v\u011btrn\u00e9 elektr\u00e1rny<\/span><\/b><span style=\"color: #212121;\">\u00a0<\/span><\/p>\n<p class=\"xmsonormal\" style=\"text-align: justify;\"><span style=\"color: #212121;\">\u0158\u00eddic\u00ed org\u00e1n Ministerstvo pr\u016fmyslu a obchodu <strong>mus\u00ed reagovat na v\u00fdznamn\u00e9 zm\u011bny v\u00a0podm\u00ednk\u00e1ch<\/strong> ve\u0159ejn\u00e9 podpory stanoven\u00e9 aktualizovan\u00fdm zn\u011bn\u00edm <strong>GBER<\/strong> (na\u0159\u00edzen\u00ed (EU) \u010d. 651\/2014) <strong>vze\u0161l\u00e9 v\u00a0platnost 30. 6. 2023<\/strong>. Podm\u00ednky aktualizovan\u00e9ho GBER jsou natolik rozd\u00edln\u00e9 od p\u016fvodn\u00edch, \u017ee na n\u011b nen\u00ed mo\u017en\u00e9 reagovat jinak ne\u017e\u00a0<\/span><strong style=\"color: #212121;\">p\u0159ed\u010dasn\u011b ukon\u010dit p\u0159\u00edjem \u017e\u00e1dost\u00ed ve v\u00fdzv\u011b I. pro aktivitu Obnoviteln\u00e9 zdroje energie \u2013 v\u011btrn\u00e9 elektr\u00e1rn<\/strong><span style=\"color: #212121;\"><strong>y<\/strong>. V\u00fdzva bude p\u0159epracov\u00e1na tak, aby nov\u00e9 nastaven\u00ed odpov\u00eddalo po\u017eadavk\u016fm revidovan\u00e9ho na\u0159\u00edzen\u00ed GBER. D\u00e1le upozor\u0148ujeme \u017eadatele, kte\u0159\u00ed hodlaj\u00ed podat \u017e\u00e1dost do v\u00fdzvy I.<b>\u00a0<\/b><\/span>v aktivit\u011b <span style=\"color: #212121;\">Obnoviteln\u00e9 zdroje energie \u2013 v\u011btrn\u00e9 elektr\u00e1rny<b>\u00a0<\/b>p\u0159ed ukon\u010den\u00edm jejich p\u0159\u00edjmu, \u017ee <strong>\u0158\u00eddic\u00ed org\u00e1n mus\u00ed vydat v\u0161echna Rozhodnut\u00ed o poskytnut\u00ed dotace<\/strong> (d\u00e1le \u201eRoPD\u201c) <strong>nejpozd\u011bji do 31. 12. 2023<\/strong>, nebo\u0165 po tomto datu ji\u017e lze vyd\u00e1vat RoPD v\u00fdhradn\u011b podle nov\u00e9ho zn\u011bn\u00ed GBER, s\u00a0n\u00edm\u017e v\u0161ak v\u00fdzva I. bohu\u017eel nen\u00ed (a nem\u016f\u017ee b\u00fdt) v\u00a0souladu. Pokud je tedy z\u0159ejm\u00e9, \u017ee pl\u00e1novan\u00fd projekt nez\u00edsk\u00e1 ve\u0161ker\u00e9 podklady k\u00a0vyd\u00e1n\u00ed RoPD (nap\u0159\u00edklad stavebn\u00ed povolen\u00ed) do 30. 11. 2023, doporu\u010dujeme takov\u00fd projekt v\u016fbec neregistrovat a vy\u010dkat s\u00a0jeho pod\u00e1n\u00edm na novou v\u00fdzvu.<\/span><\/p>\n<p class=\"xmsonormal\" style=\"text-align: justify;\"><span style=\"color: #212121;\">Oznamujeme proto t\u00edmto, \u017ee <strong>p\u0159\u00edjem \u017e\u00e1dost\u00ed do v\u00fdzvy I. v\u00a0aktivit\u011b Obnoviteln\u00e9 zdroje energie \u2013 v\u011btrn\u00e9 elektr\u00e1rny OP TAK bude ukon\u010den <span style=\"color: #ff0000;\">31. 8. 2023 ve 12:00<\/span><\/strong>. Nov\u00e1 v\u00fdzva s upraven\u00fdmi podm\u00ednkami pak bude op\u011btovn\u011b vyhl\u00e1\u0161ena v\u00a0z\u00e1vislosti na d\u00e9lce nezbytn\u00fdch proces\u016f spojen\u00fdch s\u00a0vyjasn\u011bn\u00edm p\u0159\u00edslu\u0161n\u00fdch \u010dl\u00e1nk\u016f nov\u00e9ho GBER. Pl\u00e1novan\u00fd term\u00edn je p\u0159elom roku 2023\/2024.<\/span><\/p>\n<p>&nbsp;<\/p>\n<table class=\"call-detail\" style=\"height: 278px;\" width=\"\">\n<tbody>\n<tr>\n<td style=\"width: 33.3333%;\" rowspan=\"2\"><strong>Na co lze z\u00edskat podporu<\/strong>\u00a0(podporovan\u00e9 aktivity):<\/p>\n<ul>\n<li>v\u00fdstavba v\u011btrn\u00fdch elektr\u00e1ren<\/li>\n<\/ul>\n<p><strong>Kdo m\u016f\u017ee \u017e\u00e1dat<\/strong>\u00a0(p\u0159\u00edjemci podpory):<\/p>\n<ul>\n<li>mal\u00e9 a st\u0159edn\u00ed podniky<\/li>\n<li>velk\u00e9 podniky<\/li>\n<\/ul>\n<p><strong>Syst\u00e9m sb\u011bru \u017e\u00e1dost\u00ed:<\/strong><\/p>\n<ul>\n<li>pr\u016fb\u011b\u017en\u00fd<\/li>\n<\/ul>\n<\/td>\n<td style=\"width: 33.3333%;\"><strong>Kolik lze z\u00edskat na jeden projekt\u00a0<\/strong>(forma a v\u00fd\u0161e podpory):<\/p>\n<p>Dotace na projekt je poskytov\u00e1na minim\u00e1ln\u011b ve v\u00fd\u0161i <strong>500 tis. K\u010d<\/strong> a maxim\u00e1ln\u011b do v\u00fd\u0161e <strong>15 mil. EUR<\/strong>.<\/p>\n<p><strong>M\u00edra podpory:<\/strong><\/p>\n<ul>\n<li><strong>50 &#8211; 80 %<\/strong> celkov\u00fdch zp\u016fsobil\u00fdch v\u00fddaj\u016f<\/li>\n<li>konkr\u00e9tn\u00ed m\u00edru podpory definuje region\u00e1ln\u00ed mapa podpory \u2013 v\u00edce viz kap. 9.1 v\u00fdzvy<\/li>\n<\/ul>\n<\/td>\n<td style=\"width: 33.3333%;\"><img loading=\"lazy\" decoding=\"async\" class=\"alignnone size-full wp-image-30457\" src=\"https:\/\/www.apiagentura.gov.cz\/wp-content\/uploads\/2022\/08\/optak-aktivita-4-obnovitelne-zdroje-energie-660x660-1.png\" alt=\"\" width=\"660\" height=\"660\" srcset=\"https:\/\/apiagentura.gov.cz\/wp-content\/uploads\/2022\/08\/optak-aktivita-4-obnovitelne-zdroje-energie-660x660-1.png 660w, https:\/\/apiagentura.gov.cz\/wp-content\/uploads\/2022\/08\/optak-aktivita-4-obnovitelne-zdroje-energie-660x660-1-300x300.png 300w, https:\/\/apiagentura.gov.cz\/wp-content\/uploads\/2022\/08\/optak-aktivita-4-obnovitelne-zdroje-energie-660x660-1-150x150.png 150w\" sizes=\"auto, (max-width: 660px) 100vw, 660px\" \/><\/td>\n<\/tr>\n<tr>\n<td style=\"width: 33.3333%;\"><strong>Jak\u00e9 v\u00fddaje je mo\u017en\u00e9 podpo\u0159it\u00a0(zp\u016fsobil\u00e9 v\u00fddaje):<\/strong><\/p>\n<ul>\n<li>dlouhodob\u00fd hmotn\u00fd majetek<\/li>\n<li>dlouhodob\u00fd nehmotn\u00fd majetek (pokud je nezbytn\u00fd k \u0159\u00e1dn\u00e9mu provozov\u00e1n\u00ed dlouhodob\u00e9ho hmotn\u00e9ho majetku)<\/li>\n<li>in\u017een\u00fdrsk\u00e1 \u010dinnost<\/li>\n<li>projektov\u00e1 dokumentace*<\/li>\n<\/ul>\n<p>*<em>n\u00e1klady na <\/em><em>projektovou dokumentaci vznikl\u00fdch <\/em><em>p\u0159ed pod\u00e1n\u00edm \u017e\u00e1dosti o podporu budou dotov\u00e1ny v re\u017eimu <\/em><a href=\"https:\/\/www.apiagentura.gov.cz\/cs\/radce\/faq\/slovnicek-pojmu-d\/\"><em>de minimis.<\/em><\/a><\/td>\n<td style=\"width: 33.3333%;\" rowspan=\"2\"><strong>Specifika a omezen\u00ed:<\/strong><\/p>\n<ul>\n<li>Projekt m\u016f\u017ee b\u00fdt realizov\u00e1n na \u00fazem\u00ed \u010cR, mimo NUTS 2 Praha.<\/li>\n<li>V p\u0159\u00edpad\u011b v\u00edce projekt\u016f od 1 \u017eadatele nesm\u00ed b\u00fdt projekt um\u011ble rozd\u011blen t\u00edm zp\u016fsobem, \u017ee by byla p\u0159ekro\u010dena maxim\u00e1ln\u00ed v\u00fd\u0161e dotace ve v\u00fd\u0161i 15 mili\u00f3n\u016f EUR na podnik a na investi\u010dn\u00ed projekt.<\/li>\n<li>\u017dadatel mus\u00ed nejpozd\u011bji v dob\u011b pod\u00e1n\u00ed \u017e\u00e1dosti o platbu za posledn\u00ed etapu p\u0159edlo\u017eit licenci na v\u00fdrobu elektrick\u00e9 energie, kterou ud\u011bluje Energetick\u00fd regula\u010dn\u00ed \u00fa\u0159ad (ER\u00da).<\/li>\n<li>Pr\u016fm\u011brn\u00e1 doba ro\u010dn\u00edho vyu\u017eit\u00ed instalovan\u00e9ho v\u00fdkonu za dobu prvn\u00edch 5 let provozu spl\u0148uje minim\u00e1ln\u011b hodnotu 15%, co\u017e je hodnota zohled\u0148uj\u00edc\u00ed volatilitu v\u011btrn\u00fdch podm\u00ednek v obdob\u00ed 20ti let p\u0159edpokl\u00e1dan\u00e9 doby \u017eivotnosti a odpov\u00edd\u00e1 dob\u011b ro\u010dn\u00edho vyu\u017eit\u00ed max. instal. v\u00fdkonu ve v\u00fd\u0161i cca 1\u00a0300 hodin.<\/li>\n<li>Po\u010det \u017e\u00e1dost\u00ed na jedno I\u010c nen\u00ed omezen.<\/li>\n<\/ul>\n<\/td>\n<\/tr>\n<tr>\n<td style=\"width: 33.3333%;\" colspan=\"2\"><img loading=\"lazy\" decoding=\"async\" class=\"alignnone size-full wp-image-30496\" src=\"https:\/\/www.apiagentura.gov.cz\/wp-content\/uploads\/2022\/08\/web-vyzva-optak-oze-i-.png\" alt=\"\" width=\"1072\" height=\"500\" srcset=\"https:\/\/apiagentura.gov.cz\/wp-content\/uploads\/2022\/08\/web-vyzva-optak-oze-i-.png 1072w, https:\/\/apiagentura.gov.cz\/wp-content\/uploads\/2022\/08\/web-vyzva-optak-oze-i--300x140.png 300w, https:\/\/apiagentura.gov.cz\/wp-content\/uploads\/2022\/08\/web-vyzva-optak-oze-i--1024x478.png 1024w, https:\/\/apiagentura.gov.cz\/wp-content\/uploads\/2022\/08\/web-vyzva-optak-oze-i--768x358.png 768w\" sizes=\"auto, (max-width: 1072px) 100vw, 1072px\" \/><\/td>\n<\/tr>\n<\/tbody>\n<\/table>\n<p><\/p>","protected":false},"excerpt":{"rendered":"<p>C\u00edlem v\u00fdzvy je pln\u011bn\u00ed energeticko-klimatick\u00fdch c\u00edl\u016f, efektivn\u00ed a \u0161etrn\u00e9 vyu\u017e\u00edv\u00e1n\u00ed OZE, zvy\u0161ov\u00e1n\u00ed jejich pod\u00edlu a t\u00edm p\u00e1dem sn\u00ed\u017een\u00ed spot\u0159eby prim\u00e1rn\u00edch energetick\u00fdch zdroj\u016f.<\/p>\n","protected":false},"author":1,"featured_media":0,"parent":30069,"menu_order":0,"comment_status":"closed","ping_status":"closed","template":"","meta":{"inline_featured_image":false,"footnotes":""},"class_list":["post-30498","page","type-page","status-publish","hentry"],"publishpress_future_action":{"enabled":false,"date":"2026-05-02 06:18:52","action":"change-status","newStatus":"draft","terms":[],"taxonomy":"","extraData":[]},"publishpress_future_workflow_manual_trigger":{"enabledWorkflows":[]},"_links":{"self":[{"href":"https:\/\/apiagentura.gov.cz\/cs\/wp-json\/wp\/v2\/pages\/30498","targetHints":{"allow":["GET"]}}],"collection":[{"href":"https:\/\/apiagentura.gov.cz\/cs\/wp-json\/wp\/v2\/pages"}],"about":[{"href":"https:\/\/apiagentura.gov.cz\/cs\/wp-json\/wp\/v2\/types\/page"}],"author":[{"embeddable":true,"href":"https:\/\/apiagentura.gov.cz\/cs\/wp-json\/wp\/v2\/users\/1"}],"replies":[{"embeddable":true,"href":"https:\/\/apiagentura.gov.cz\/cs\/wp-json\/wp\/v2\/comments?post=30498"}],"version-history":[{"count":0,"href":"https:\/\/apiagentura.gov.cz\/cs\/wp-json\/wp\/v2\/pages\/30498\/revisions"}],"up":[{"embeddable":true,"href":"https:\/\/apiagentura.gov.cz\/cs\/wp-json\/wp\/v2\/pages\/30069"}],"wp:attachment":[{"href":"https:\/\/apiagentura.gov.cz\/cs\/wp-json\/wp\/v2\/media?parent=30498"}],"curies":[{"name":"wp","href":"https:\/\/api.w.org\/{rel}","templated":true}]}}