{"id":33262,"date":"2023-04-27T14:15:53","date_gmt":"2023-04-27T12:15:53","guid":{"rendered":"https:\/\/www.apiagentura.gov.cz\/?page_id=33262"},"modified":"2025-11-25T14:34:34","modified_gmt":"2025-11-25T13:34:34","slug":"spoluprace-skol-a-firem-vyzva-i","status":"publish","type":"page","link":"https:\/\/apiagentura.gov.cz\/cs\/podporovane-aktivity-optak\/spoluprace-skol-a-firem-optak\/spoluprace-skol-a-firem-vyzva-i\/","title":{"rendered":"Spolupr\u00e1ce \u0161kol a firem &#8211; v\u00fdzva I"},"content":{"rendered":"<p><strong>Informace pro \u017eadatele a p\u0159\u00edjemce:<\/strong><\/p>\n<p><strong>2. 8. 2024<\/strong>: \u0158\u00eddic\u00ed org\u00e1n OP TAK, Ministerstvo pr\u016fmyslu a obchodu, rozhodl na z\u00e1klad\u011b p\u0159evisu kvalitn\u00edch projekt\u016f ve V\u00fdzv\u011b\u00a0<strong>Spolupr\u00e1ce \u0161kol a firem \u2013 v\u00fdzva I<\/strong>\u00a0o nav\u00fd\u0161en\u00ed st\u00e1vaj\u00edc\u00ed alokace, tj. 300 mil. K\u010d, na\u00a0<strong>371 mil. K\u010d.<\/strong><\/p>\n<p><strong>9. 11. 2023:<\/strong> Ministerstvo pr\u016fmyslu a obchodu ve spolupr\u00e1ci s Agenturou pro podnik\u00e1n\u00ed a inovace vyd\u00e1v\u00e1 tento zp\u0159es\u0148uj\u00edc\u00ed\/vysv\u011btluj\u00edc\u00ed pokyn k v\u00fdkladu podm\u00ednek p\u0159i realizaci a udr\u017eitelnosti projekt\u016f podpo\u0159en\u00fdch v r\u00e1mci V\u00fdzvy I \u2013 Spolupr\u00e1ce \u0161kol a firem <strong>Podm\u00ednky<span class=\"attachments\"><strong>\u00a0<\/strong>a povinnosti \u017eadatel\u016f p\u0159i realizaci projekt\u016f<\/span><\/strong>. Tyto podm\u00ednky budou sou\u010d\u00e1st\u00ed Rozhodnut\u00ed o poskytnut\u00ed dotace a p\u0159\u00edjemci dotace je budou povinni plnit b\u011bhem doby realizace a udr\u017eitelnosti projektu.<\/p>\n<p><strong>8. 6. 2023:<\/strong> P\u0159\u00edjem \u017e\u00e1dost\u00ed ve v\u00fdzv\u011b Spolupr\u00e1ce \u0161kol a firem byl obnoven.<\/p>\n<p><strong>17. 5. 2023:<\/strong> Ministerstvo pr\u016fmyslu a obchodu z technicko-administrativn\u00edch d\u016fvod\u016f pozastavilo <strong>p\u0159\u00edjem \u017e\u00e1dost\u00ed<\/strong>\u00a0ve V\u00fdzv\u011b Spolupr\u00e1ce \u0161kol a firem.\u00a0<strong>Obnoven bude po napraven\u00ed situace do 10 pracovn\u00edch dn\u016f<\/strong>.\u00a0<strong>P\u0159\u00edjem \u017e\u00e1dost\u00ed bude adekv\u00e1tn\u011b prodlou\u017een<\/strong>.<\/p>\n<p><em>Omlouv\u00e1me se za komplikace.<\/em><\/p>\n<p><strong>19. 12. 2023:<\/strong> S ohledem na p\u0159ib\u00fdvaj\u00edc\u00ed \u017e\u00e1dosti o prodlou\u017een\u00ed term\u00ednu p\u0159\u00edjmu \u017e\u00e1dost\u00ed o podporu do I. v\u00fdzvy Spolupr\u00e1ce \u0161kol a firem ze strany potenci\u00e1ln\u00edch \u017eadatel\u016f o dotaci, na p\u0159eru\u0161en\u00ed p\u0159\u00edjmu \u017e\u00e1dost\u00ed v d\u00e9lce 3 t\u00fddn\u016f zp\u016fsoben\u00e9 probl\u00e9my na stran\u011b MPO a rezervu alokace V\u00fdzvy, rozhodl \u0158O OP TAK, Ministerstvo pr\u016fmyslu a obchodu, o <strong>prodlou\u017een\u00ed term\u00ednu p\u0159\u00edjmu \u017e\u00e1dost\u00ed o podporu do 29. 2. 2024, 16:00 hod.<\/strong><\/p>\n<p><strong><a class=\"btn\" href=\"https:\/\/www.apiagentura.gov.cz\/wp-content\/uploads\/2023\/09\/caste-otazky-a-odpovedi-k-vyzve.pdf\">FAQ k v\u00fdzv\u011b I<\/a><\/strong><\/p>\n<table class=\"call-detail\" style=\"height: 1374px; width: 67.3643%;\" width=\"749\">\n<tbody>\n<tr style=\"height: 420px;\">\n<td style=\"width: 33.3333%; height: 1122px;\" rowspan=\"2\"><strong>Na co lze z\u00edskat podporu<\/strong>\u00a0(podporovan\u00e9 aktivity):<\/p>\n<ul>\n<li><strong>Zaveden\u00ed praktick\u00e9ho vyu\u010dov\u00e1n\u00ed ve firm\u011b:<\/strong><br \/>\nMSP, kter\u00e9 v tuto chv\u00edli praktick\u00e9 vyu\u010dov\u00e1n\u00ed pro st\u0159edn\u00ed, vy\u0161\u0161\u00ed odborn\u00e9 nebo vysok\u00e9 \u0161koly nerealizuj\u00ed a nemaj\u00ed podepsanou smlouvu o spolupr\u00e1ci, p\u0159\u00edpadn\u011b maj\u00ed z\u00e1jem roz\u0161\u00ed\u0159it nab\u00eddku praktick\u00e9ho vyu\u010dov\u00e1n\u00ed o v\u00fdznamn\u011b jin\u00e9 obory, ne\u017e jak\u00e9 aktu\u00e1ln\u011b nab\u00edz\u00ed.<\/li>\n<\/ul>\n<p><strong>Kdo m\u016f\u017ee \u017e\u00e1dat<\/strong>\u00a0(p\u0159\u00edjemci podpory):<\/p>\n<ul>\n<li>mal\u00e9 a st\u0159edn\u00ed podniky<\/li>\n<\/ul>\n<p><strong>Syst\u00e9m sb\u011bru \u017e\u00e1dost\u00ed:<\/strong><\/p>\n<ul>\n<li>pr\u016fb\u011b\u017en\u00fd<\/li>\n<\/ul>\n<\/td>\n<td style=\"width: 33.3333%; height: 420px;\"><strong>Kolik lze z\u00edskat na jeden projekt\u00a0<\/strong>(forma a v\u00fd\u0161e podpory):<\/p>\n<ul>\n<li>dotace na projekt je poskytov\u00e1na minim\u00e1ln\u011b ve v\u00fd\u0161i <strong>0,5 mil. K\u010d<\/strong> a maxim\u00e1ln\u011b do v\u00fd\u0161e <strong>10 mil. K\u010d<\/strong>.<\/li>\n<\/ul>\n<p><strong>M\u00edra podpory:<\/strong><\/p>\n<ul>\n<li><strong>mal\u00fd podnik &#8211; a\u017e 70 %<\/strong> celkov\u00fdch zp\u016fsobil\u00fdch v\u00fddaj\u016f<\/li>\n<li><strong>st\u0159edn\u00ed podnik &#8211; a\u017e 60 %<\/strong> celkov\u00fdch zp\u016fsobil\u00fdch v\u00fddaj\u016f<\/li>\n<\/ul>\n<\/td>\n<td style=\"width: 33.3333%; height: 420px;\"><img loading=\"lazy\" decoding=\"async\" class=\"alignnone size-full wp-image-30058\" src=\"https:\/\/www.apiagentura.gov.cz\/wp-content\/uploads\/2022\/07\/optak-aktivita-2-spoluprace-skol-a-firem-660x660-1.png\" alt=\"\" width=\"660\" height=\"660\" srcset=\"https:\/\/apiagentura.gov.cz\/wp-content\/uploads\/2022\/07\/optak-aktivita-2-spoluprace-skol-a-firem-660x660-1.png 660w, https:\/\/apiagentura.gov.cz\/wp-content\/uploads\/2022\/07\/optak-aktivita-2-spoluprace-skol-a-firem-660x660-1-300x300.png 300w, https:\/\/apiagentura.gov.cz\/wp-content\/uploads\/2022\/07\/optak-aktivita-2-spoluprace-skol-a-firem-660x660-1-150x150.png 150w\" sizes=\"auto, (max-width: 660px) 100vw, 660px\" \/><\/td>\n<\/tr>\n<tr style=\"height: 702px;\">\n<td style=\"width: 33.3333%; height: 702px;\">&nbsp;<\/p>\n<p><strong>Jak\u00e9 v\u00fddaje je mo\u017en\u00e9 podpo\u0159it\u00a0<\/strong>(zp\u016fsobil\u00e9 v\u00fddaje):<\/p>\n<p><strong>A) Investi\u010dn\u00ed v\u00fddaje spojen\u00e9 s projektem<\/strong> <em>(re\u017eim de minimis)<\/em>:<br \/>\n\u2022 za\u0159\u00edzen\u00ed, stroje<br \/>\n\u2022 nezbytn\u00e9 s\u00edt\u011b, drobn\u00e9 stavebn\u00ed \u00fapravy<\/p>\n<p><strong>B)<\/strong> <strong>Vybaven\u00ed p\u0159\u00edmo spojen\u00e9 s projektem vzd\u011bl\u00e1v\u00e1n\u00ed:<\/strong><br \/>\n\u2022 drobn\u00fd hmotn\u00fd majetek<br \/>\n\u2022 n\u00e1bytek<br \/>\n\u2022 hardware a software<br \/>\n\u2022 materi\u00e1l nezbytn\u00fd pro v\u00fduku<\/p>\n<p><strong>C)<\/strong> <strong>Neinvesti\u010dn\u00ed n\u00e1klady:<\/strong><br \/>\n\u2022 smluvn\u00ed pln\u011bn\u00ed instruktor\u016f a lektor\u016f<br \/>\n\u2022 slu\u017eby koordin\u00e1tor\u016f vzd\u011bl\u00e1v\u00e1n\u00ed<br \/>\n\u2022 provozn\u00ed a osobn\u00ed n\u00e1klady instruktor\u016f a lektor\u016f, spot\u0159ebn\u00ed materi\u00e1l pou\u017eit\u00fd pro v\u00fduku \u2013 <em>formou pau\u0161\u00e1ln\u00ed sazby<\/em><\/p>\n<p>&nbsp;<\/td>\n<td style=\"width: 33.3333%; height: 954px;\" rowspan=\"2\"><strong>Specifika a omezen\u00ed:<\/strong><\/p>\n<ul>\n<li>Projekt mus\u00ed b\u00fdt realizov\u00e1n na \u00fazem\u00ed \u010cR mimo NUTS 2 Praha.<\/li>\n<li>V\u00fdstavba a rekonstrukce nemovitosti<br \/>\n<strong>nejsou<\/strong> zp\u016fsobil\u00fdm v\u00fddajem.<\/li>\n<li><span style=\"text-decoration: underline;\">Praktick\u00e9 vyu\u010dov\u00e1n\u00ed<\/span> &#8211; odborn\u00fd v\u00fdcvik, cvi\u010den\u00ed, u\u010debn\u00ed praxe a odborn\u00e1 nebo um\u011bleck\u00e1 praxe a sportovn\u00ed p\u0159\u00edprava, a to podle jednotliv\u00fdch obor\u016f vzd\u011bl\u00e1n\u00ed.<\/li>\n<li>Realizace projektu je rozd\u011blena na <strong>2 f\u00e1ze:<\/strong><\/li>\n<\/ul>\n<p><strong>I. P\u0159\u00edpravn\u00e1 f\u00e1ze<\/strong> (\u017eadatel po\u0159\u00edd\u00ed ve\u0161ker\u00e9 pot\u0159ebn\u00e9 vybaven\u00ed).<\/p>\n<p><strong>II. Realiza\u010dn\u00ed f\u00e1ze<\/strong> (dva pln\u00e9 \u0161koln\u00ed roky praktick\u00e9ho vyu\u010dov\u00e1n\u00ed).<\/p>\n<ul>\n<li>Za ka\u017ed\u00fd rok realiza\u010dn\u00ed f\u00e1ze se mus\u00ed praxe \u00fa\u010dastnit minim\u00e1ln\u011b <strong>2 \u00fa\u010dastn\u00edci<\/strong> vzd\u011bl\u00e1vac\u00edch akc\u00ed.<\/li>\n<li>Minim\u00e1ln\u011b <strong>3 \u00fa\u010dastn\u00edci<\/strong> v p\u0159\u00edpad\u011b projekt\u016f, kter\u00e9 maj\u00ed povinnost dolo\u017eit <strong>formul\u00e1\u0159 finan\u010dn\u00ed anal\u00fdzy<\/strong>.<\/li>\n<li>Minim\u00e1ln\u011b <strong>5 \u00fa\u010dastn\u00edk\u016f<\/strong> v p\u0159\u00edpad\u011b projekt\u016f, jejich\u017e celkov\u00e9 zp\u016fsobil\u00e9 v\u00fddaje jsou <strong>vy\u0161\u0161\u00ed ne\u017e 10 mil. K\u010d.<\/strong><\/li>\n<li>Nejzaz\u0161\u00ed datum pro dokon\u010den\u00ed realizace projekt\u016f je <strong>31. 8. 2026.<\/strong><\/li>\n<\/ul>\n<\/td>\n<\/tr>\n<tr style=\"height: 252px;\">\n<td style=\"width: 66.6666%; height: 252px;\" colspan=\"2\"><img loading=\"lazy\" decoding=\"async\" class=\"alignnone wp-image-33275 size-full\" src=\"https:\/\/www.apiagentura.gov.cz\/wp-content\/uploads\/2023\/04\/web-vyzva-optak-ssaf-i.png\" alt=\"\" width=\"1072\" height=\"500\" srcset=\"https:\/\/apiagentura.gov.cz\/wp-content\/uploads\/2023\/04\/web-vyzva-optak-ssaf-i.png 1072w, https:\/\/apiagentura.gov.cz\/wp-content\/uploads\/2023\/04\/web-vyzva-optak-ssaf-i-300x140.png 300w, https:\/\/apiagentura.gov.cz\/wp-content\/uploads\/2023\/04\/web-vyzva-optak-ssaf-i-1024x478.png 1024w, https:\/\/apiagentura.gov.cz\/wp-content\/uploads\/2023\/04\/web-vyzva-optak-ssaf-i-768x358.png 768w\" sizes=\"auto, (max-width: 1072px) 100vw, 1072px\" \/><\/td>\n<\/tr>\n<\/tbody>\n<\/table>\n<p><\/p>","protected":false},"excerpt":{"rendered":"<p>Podpora v\u00fdkonu praktick\u00e9ho vyu\u010dov\u00e1n\u00ed \u017e\u00e1k\u016f partnersk\u00fdch st\u0159edn\u00edch \u0161kol a praktick\u00e9 p\u0159\u00edpravy u student\u016f partnersk\u00fdch vy\u0161\u0161\u00edch odborn\u00fdch a vysok\u00fdch \u0161kol prost\u0159ednictv\u00edm odborn\u011b zam\u011b\u0159en\u00fdch mal\u00fdch a st\u0159edn\u00edch podnik\u016f.<\/p>\n","protected":false},"author":1,"featured_media":0,"parent":30057,"menu_order":0,"comment_status":"closed","ping_status":"closed","template":"","meta":{"inline_featured_image":false,"footnotes":""},"class_list":["post-33262","page","type-page","status-publish","hentry"],"publishpress_future_action":{"enabled":false,"date":"2026-05-02 06:19:12","action":"change-status","newStatus":"draft","terms":[],"taxonomy":"","extraData":[]},"publishpress_future_workflow_manual_trigger":{"enabledWorkflows":[]},"_links":{"self":[{"href":"https:\/\/apiagentura.gov.cz\/cs\/wp-json\/wp\/v2\/pages\/33262","targetHints":{"allow":["GET"]}}],"collection":[{"href":"https:\/\/apiagentura.gov.cz\/cs\/wp-json\/wp\/v2\/pages"}],"about":[{"href":"https:\/\/apiagentura.gov.cz\/cs\/wp-json\/wp\/v2\/types\/page"}],"author":[{"embeddable":true,"href":"https:\/\/apiagentura.gov.cz\/cs\/wp-json\/wp\/v2\/users\/1"}],"replies":[{"embeddable":true,"href":"https:\/\/apiagentura.gov.cz\/cs\/wp-json\/wp\/v2\/comments?post=33262"}],"version-history":[{"count":0,"href":"https:\/\/apiagentura.gov.cz\/cs\/wp-json\/wp\/v2\/pages\/33262\/revisions"}],"up":[{"embeddable":true,"href":"https:\/\/apiagentura.gov.cz\/cs\/wp-json\/wp\/v2\/pages\/30057"}],"wp:attachment":[{"href":"https:\/\/apiagentura.gov.cz\/cs\/wp-json\/wp\/v2\/media?parent=33262"}],"curies":[{"name":"wp","href":"https:\/\/api.w.org\/{rel}","templated":true}]}}