{"id":34313,"date":"2023-08-16T10:45:11","date_gmt":"2023-08-16T08:45:11","guid":{"rendered":"https:\/\/www.apiagentura.gov.cz\/?page_id=34313"},"modified":"2026-02-09T09:50:06","modified_gmt":"2026-02-09T08:50:06","slug":"obnovitelne-zdroje-energie-male-vodni-elektrarny-vyzva-i","status":"publish","type":"page","link":"https:\/\/apiagentura.gov.cz\/cs\/podporovane-aktivity-optak\/obnovitelne-zdroje-energie\/obnovitelne-zdroje-energie-male-vodni-elektrarny-vyzva-i\/","title":{"rendered":"Obnoviteln\u00e9 zdroje energie \u2013 mal\u00e9 vodn\u00ed elektr\u00e1rny &#8211; v\u00fdzva I"},"content":{"rendered":"<p><strong>Upozorn\u011bn\u00ed pro \u017eadatele a p\u0159\u00edjemce:<\/strong><\/p>\n<p><strong>14. 1. 2026: Zm\u011bna V\u00fdzvy a Pravidel pro \u017eadatele a p\u0159\u00edjemce \u2013 zvl\u00e1\u0161tn\u00ed \u010d\u00e1st v\u00fdzvy Obnoviteln\u00e9 zdroje energie \u2013 mal\u00e9 vodn\u00ed elektr\u00e1rny \u2013 v\u00fdzva I. (d\u00e1le jen \u201eV\u00fdzva\u201c).<\/strong><\/p>\n<p>MPO informovalo o aktualizaci po\u017eadavku\u00a0t\u00fdkaj\u00edc\u00ed se CZ NACE, kter\u00fd bude ov\u011b\u0159ov\u00e1n p\u0159i p\u0159edlo\u017een\u00ed prvn\u00ed Zpr\u00e1vy o udr\u017eitelnosti projektu. Nov\u011b bude v Registru ekonomick\u00fdch subjekt\u016f (RES) ov\u011b\u0159eno zaps\u00e1n\u00ed CZ NACE 35.11 V\u00fdroba elekt\u0159iny nebo 35.12 V\u00fdroba elekt\u0159iny z obnoviteln\u00fdch zdroj\u016f dle Klasifikace ekonomick\u00fdch \u010dinnost\u00ed platn\u00e9 od 1. 1. 2025. Od\u016fvodn\u011bn\u00ed aktualizace: Pro \u00fa\u010dely t\u00e9to V\u00fdzvy je dosta\u010duj\u00edc\u00ed z\u00e1pis p\u0159\u00edslu\u0161n\u00fdch podkategori\u00ed t\u00fdkaj\u00edc\u00edch se v\u00fdroby elekt\u0159iny, nikoli z\u00e1pis cel\u00e9 skupiny 35.1 zahrnuj\u00edc\u00ed i p\u0159enos elekt\u0159iny a rozvod elekt\u0159iny. \u010casov\u00e9 podm\u00ednky uveden\u00e9 ve V\u00fdzv\u011b byly sjednoceny s \u010dasov\u00fdmi podm\u00ednkami v Pravidlech pro \u017eadatele a p\u0159\u00edjemce \u2013 zvl\u00e1\u0161tn\u00ed \u010d\u00e1st, tj. zaps\u00e1n\u00ed CZ NACE bude ov\u011b\u0159eno k prvn\u00ed Zpr\u00e1v\u011b o udr\u017eitelnosti projektu.<\/p>\n<p><strong>Zm\u011bny jsou platn\u00e9 od\u00a019.1.2026.<\/strong><\/p>\n<p><strong>2. 10. 2025:<\/strong> MPO informuje, \u017ee objem podan\u00fdch \u017e\u00e1dost\u00ed o podporu ve V\u00fdzv\u011b p\u0159ekro\u010dil p\u016fvodn\u00ed alokaci 500 mil. K\u010d. Z d\u016fvodu velk\u00e9ho po\u010dtu podan\u00fdch \u017e\u00e1dost\u00ed se poskytovatel dotace rozhodl nav\u00fd\u0161it alokaci v\u00fdzvy na <strong>700 mil. K\u010d<\/strong> v souladu s textac\u00ed V\u00fdzvy. Zm\u011bny jsou platn\u00e9 od\u00a02.10.2025<\/p>\n<p><strong>12. 6. 2025: Prodlou\u017een\u00ed p\u0159\u00edjmu \u017e\u00e1dost\u00ed o podporu<\/strong><\/p>\n<p class=\"x_MsoNormal\" data-olk-copy-source=\"MessageBody\">\u0158O rozhodl o <strong>prodlou\u017een\u00ed data ukon\u010den\u00ed p\u0159\u00edjmu \u017e\u00e1dost\u00ed<\/strong> o podporu stanoven\u00fd V\u00fdzvou, a to z 30. 6. 2025 <strong>na nov\u00e9 datum 30. 6. 2026<\/strong>. V n\u00e1vaznosti na prodlou\u017een\u00ed term\u00ednu p\u0159\u00edjmu \u017e\u00e1dost\u00ed se adekv\u00e1tn\u011b prodlu\u017euje nejzaz\u0161\u00ed datum pro ukon\u010den\u00ed fyzick\u00e9 realizace projektu z 30. 6. 2027 na nov\u00fd term\u00edn 31. 12. 2028.<\/p>\n<p class=\"x_MsoNormal\">K t\u00e9to zm\u011bn\u011b poskytovatel dotace p\u0159istoupil z d\u016fvodu nevy\u010derpan\u00e9 absorp\u010dn\u00ed kapacity v\u00a0oblasti podpory mal\u00fdch vodn\u00edch elektr\u00e1ren a sou\u010dasn\u011b nen\u00ed dostate\u010dn\u011b napln\u011bna alokace v\u00fdzvy.<\/p>\n<p><strong>25. 2. 2025:<\/strong> <em>Aktualizace textace v\u00fdzvy<\/em><\/p>\n<p>Ministerstvo pr\u016fmyslu a obchodu rozhodlo o zm\u011bn\u011b textace v\u00fdzvy, kap. 8.2, bodu b) za \u00fa\u010delem zaji\u0161t\u011bn\u00ed efektivity v procesu kontrol \u017e\u00e1dost\u00ed o podporu p\u0159ed vyd\u00e1n\u00edm Rozhodnut\u00ed o poskytnut\u00ed dotace a sn\u00ed\u017een\u00ed administrativn\u00ed z\u00e1t\u011b\u017ee na stran\u011b \u017eadatel\u016f o podporu. \u017dadatel\u00e9 nov\u011b budou povinni p\u0159edlo\u017eit \u00fadaje uveden\u00e9 v Prohl\u00e1\u0161en\u00ed k velikosti podniku pouze u projekt\u016f s po\u017eadovanou dotac\u00ed ve v\u00fd\u0161i 1,5 mil. K\u010d a vy\u0161\u0161\u00ed, p\u0159\u00edpadn\u011b na v\u00fdzvu \u0158O OP TAK \/ ZS API. D\u00e1le doch\u00e1z\u00ed k \u00faprav\u011b textace bodu e) v souladu s aktu\u00e1ln\u00edm zn\u011bn\u00edm \u00a7 4c z\u00e1kona \u010d. 159\/2006 Sb., o st\u0159etu z\u00e1jm\u016f \u017eadatel\u00e9 nov\u011b budou povinni dokl\u00e1dat statut a p\u0159\u00edpadn\u011b dal\u0161\u00ed dokumenty, ze kter\u00fdch bude z\u0159ejm\u00e9, kdo je zakladatel, spr\u00e1vce, obmy\u0161len\u00fd, osoba opr\u00e1vn\u011bn\u00e1 k v\u00fdkonu dohledu nad spr\u00e1vou, \u010di p\u0159\u00edpadn\u011b osoby s obdobn\u00fdmi pravomocemi pouze v p\u0159\u00edpad\u011b, \u017ee jsou obchodn\u00ed korporac\u00ed, kter\u00e1 m\u00e1 25% nebo v\u011bt\u0161\u00ed pod\u00edl(y) (\u010di stejn\u00e9 procento akci\u00ed) p\u0159\u00edmo \u010di nep\u0159\u00edmo vlo\u017een(y) do zahrani\u010dn\u00edho sv\u011b\u0159ensk\u00e9ho fondu. V p\u0159\u00edpad\u011b \u010desk\u00e9ho sv\u011b\u0159ensk\u00e9ho fond\u016f si \u0158O zajist\u00ed pdf verzi v\u00fdpisu z Evidence sv\u011b\u0159ensk\u00fdch fond\u016f. Zm\u011bny nab\u00fdvaj\u00ed \u00fa\u010dinnosti k datu 28. 2. 2025. Ve v\u00fdzv\u011b jsou zm\u011bny uvedeny v\u00a0tabulce s\u00a0n\u00e1zvem \u201eP\u0159ehled proveden\u00fdch zm\u011bn\u201c.<\/p>\n<p><strong>20. 2. 2025:<\/strong> MPO informuje o zve\u0159ejn\u011bn\u00ed vzoru Rozhodnut\u00ed o poskytnut\u00ed dotace pro \u017e\u00e1dosti, kter\u00e9 byly pod\u00e1ny od 11. 10. 2024.<\/p>\n<p><strong>15. 10. 2024:<\/strong> Ministerstvo pr\u016fmyslu a obchodu jako \u0158\u00edd\u00edc\u00ed org\u00e1n OP TAK informovalo o vyd\u00e1n\u00ed P\u0159\u00edlohy 4 \u2013 Vzoru Rozhodnut\u00ed o poskytnut\u00ed dotace.<\/p>\n<p><strong>9.\u00a010.\u00a02024:<\/strong> Zm\u011bna textu v\u00fdzvy \u201eObnoviteln\u00e9 zdroje energie \u2013 mal\u00e9 vodn\u00ed elektr\u00e1rny \u2013 v\u00fdzva I. (d\u00e1le jen \u201eV\u00fdzva\u201c) a\u00a0p\u0159\u00edloh \u010d.\u00a01 a\u00a0\u010d.\u00a05 V\u00fdzvy je vyhl\u00e1\u0161ena v\u00a0r\u00e1mci implementace Opera\u010dn\u00edho programu Technologie a\u00a0aplikace pro\u00a0konkurenceschopnost\u00a02021-2027\u201c V\u00e1\u017een\u00ed \u017eadatel\u00e9, informujeme V\u00e1s, \u017ee poskytovatel dotace se rozhodl na\u00a0z\u00e1klad\u011b dotaz\u016f \u017eadatel\u016f a\u00a0konzultace SEA s\u00a0M\u017dP v\u010detn\u011b AOPK \u010cR zp\u0159esnit text V\u00fdzvy a\u00a0p\u0159\u00edlohy \u010d.\u00a01 Model hodnocen\u00ed a\u00a0p\u0159\u00edlohy \u010d.\u00a05 Specifick\u00e9 podm\u00ednky v\u00fdzvy n\u00e1sledovn\u011b:<\/p>\n<p>\u2022 P\u0159\u00edloha \u010d.\u00a01: byla aktualizov\u00e1na podle aktu\u00e1ln\u00ed \u0161ablony modelu hodnocen\u00ed (upraven n\u00e1zev dokumentu, vyu\u017eity zkratky, up\u0159esn\u011bn\u00ed krit\u00e9ria \u010d.\u00a03 a\u00a0form\u00e1ln\u00ed \u00fapravy) a\u00a0p\u0159id\u00e1no bylo i\u00a0krit\u00e9rium podm\u00ednek p\u0159ijatelnosti \u201eProjekt bude realizov\u00e1n v\u00a0souladu s\u00a0legislativou v\u00a0oblasti \u017eivotn\u00edho prost\u0159ed\u00ed (dokl\u00e1d\u00e1 \u010destn\u00e9 prohl\u00e1\u0161en\u00ed).\u201c, kter\u00e9 je nenapraviteln\u00e9 a\u00a0zdrojem informac\u00ed\/zp\u016fsobem kontroly je \u017doP v\u00a0CSSF21+, PrZ. D\u016fvodem p\u0159id\u00e1n\u00ed tohoto krit\u00e9ria je mj. to, \u017ee podpora obnoviteln\u00fdch zdroj\u016f spad\u00e1 pod\u00a0odd\u00edl\u00a07 Podpora na\u00a0ochranu \u017eivotn\u00edho prost\u0159ed\u00ed podle GBER a\u00a0na\u00a0projekty se i\u00a0vztahuje Na\u0159\u00edzen\u00ed o\u00a0Taxonomii apod., tedy spln\u011bn\u00ed tohoto krit\u00e9ria je jedn\u00edm z\u00a0hlavn\u00edch podm\u00ednek p\u0159ijatelnosti projektu.<\/p>\n<p>\u2022 P\u0159\u00edloha \u010d.\u00a05: V \u010d\u00e1sti b \u2013 V\u00fd\u010det specifick\u00fdch podm\u00ednek programu, ke kter\u00fdm se bude vyjad\u0159ovat \u017eadatel, se ru\u0161\u00ed po\u017eadavky podle bod\u016f b) a\u017e h) a\u00a0ty jsou nahrazeny po\u017eadavky v\u00a0kapitole\u00a08.2 V\u00fdzvy. \u0158\u00edd\u00edc\u00ed org\u00e1n Ministerstva pr\u016fmyslu a\u00a0obchodu k\u00a0v\u00fd\u0161e uveden\u00e9 zm\u011bn\u011b p\u0159istupuje z\u00a0d\u016fvodu sjednocen\u00ed postup\u016f s\u00a0v\u00fdzvou Obnoviteln\u00e9 zdroje energie \u2013 V\u011btrn\u00e9 elektr\u00e1rny \u2013 v\u00fdzva II. a\u00a0zv\u00fd\u0161en\u00ed absorp\u010dn\u00ed kapacity V\u00fdzvy. Sjednocen\u00ed postup\u016f spo\u010d\u00edv\u00e1 v\u00a0tom, \u017ee po\u00a0jedn\u00e1n\u00ed mezi MPO a\u00a0M\u017dP v\u010detn\u011b AOPK \u010cR se na\u00a0projekty neaplikuj\u00ed po\u017eadavky na\u00a0z\u00e1klad\u011b stanoviska M\u017dP podle \u00a7\u00a010g z\u00e1kona \u010d.\u00a0100\/2001 Sb., o\u00a0posuzov\u00e1n\u00ed vliv\u016f na\u00a0\u017eivotn\u00ed prost\u0159ed\u00ed a\u00a0o\u00a0zm\u011bn\u011b n\u011bkter\u00fdch souvisej\u00edc\u00edch z\u00e1kon\u016f (z\u00e1kon o\u00a0posuzov\u00e1n\u00ed vliv\u016f na\u00a0\u017eivotn\u00ed prost\u0159ed\u00ed), ve zn\u011bn\u00ed pozd\u011bj\u0161\u00edch p\u0159edpis\u016f k\u00a0n\u00e1vrhu koncepce \u201eOpera\u010dn\u00ed program Technologie a\u00a0Aplikace pro\u00a0Konkurenceschopnost\u00a02021 \u2013\u00a02027\u201c, ale po\u017eadavky z\u00a0Prohl\u00e1\u0161en\u00ed dle \u00a710g odst.\u00a04 a\u00a05 z\u00e1kona \u010d.100\/2001 Sb., o\u00a0posuzov\u00e1n\u00ed vliv\u016f na\u00a0\u017eivotn\u00ed prost\u0159ed\u00ed, v\u00a0platn\u00e9m zn\u011bn\u00ed ke Stanovisku Ministerstva \u017eivotn\u00edho prost\u0159ed\u00ed k\u00a0n\u00e1vrhu koncepce v\u010detn\u011b up\u0159esn\u011bn\u00ed vypl\u00fdvaj\u00edc\u00edho z\u00a0v\u00fd\u0161e uveden\u00e9ho jedn\u00e1n\u00ed.<\/p>\n<p>\u2022 V\u00fdzva, kapitola\u00a08.2: Na z\u00e1klad\u011b zm\u011bn v\u00a0p\u0159\u00edloze \u010d.\u00a05 v\u010detn\u011b zm\u011bn ve stavebn\u00edm z\u00e1konu \u00fa\u010dinn\u00e9ho od\u00a01.1.2024 byl dopln\u011bny\/up\u0159esn\u011bny tyto odstavce (dokumenty p\u0159edkl\u00e1dan\u00e9 v\u00a0okam\u017eiku podpisu Rozhodnut\u00ed):<\/p>\n<p>g) Stavebn\u00ed povolen\u00ed dle \u00a7\u00a0115 z\u00e1kona \u010d.\u00a0183\/2006 Sb., o\u00a0\u00fazemn\u00edm pl\u00e1nov\u00e1n\u00ed a\u00a0stavebn\u00edm \u0159\u00e1du (stavebn\u00ed z\u00e1kon) u\u00a0projekt\u016f realizovan\u00fdch dle z\u00e1kona \u010d.\u00a0183\/2006 Sb., o\u00a0\u00fazemn\u00edm pl\u00e1nov\u00e1n\u00ed a\u00a0stavebn\u00edm \u0159\u00e1du (stavebn\u00ed z\u00e1kon), \u00fa\u010dinn\u00e9m do\u00a031.12.2023 nebo\u00a0povolen\u00ed z\u00e1m\u011bru dle ustanoven\u00ed \u00a7\u00a0195 z\u00e1kona \u010d.\u00a0283\/2021 Sb., stavebn\u00ed z\u00e1kon, \u00fa\u010dinn\u00e9m od\u00a01.1.2024;<\/p>\n<p>h) Stanovisko dle \u00a7\u00a045i odst.\u00a01 z\u00e1kona \u010d.\u00a0114\/1992 Sb., o\u00a0ochran\u011b p\u0159\u00edrody a\u00a0krajiny, ve zn\u011bn\u00ed pozd\u011bj\u0161\u00edch p\u0159edpis\u016f, dokl\u00e1daj\u00edc\u00ed vylou\u010den\u00ed v\u00fdznamn\u00fdch vliv\u016f na\u00a0lokality soustavy Natura\u00a02000. V p\u0159\u00edpad\u011b, \u017ee nebude v\u00fdznamn\u00fd vliv na\u00a0lokality soustavy Natura\u00a02000 stanoviskem \u010di stanovisky p\u0159\u00edslu\u0161n\u00fdch org\u00e1n\u016f ochrany p\u0159\u00edrody vylou\u010den, mohou b\u00fdt podpo\u0159eny pouze z\u00e1m\u011bry, u\u00a0nich\u017e ze z\u00e1v\u011bru zji\u0161\u0165ovac\u00edho \u0159\u00edzen\u00ed dle \u00a7\u00a07 z\u00e1kona \u010d.\u00a0100\/2001 Sb., o\u00a0posuzov\u00e1n\u00ed vliv\u016f na\u00a0\u017eivotn\u00ed prost\u0159ed\u00ed a\u00a0o\u00a0zm\u011bn\u011b n\u011bkter\u00fdch souvisej\u00edc\u00edch z\u00e1kon\u016f (z\u00e1kon o\u00a0posuzov\u00e1n\u00ed vliv\u016f na\u00a0\u017eivotn\u00ed prost\u0159ed\u00ed), ve zn\u011bn\u00ed pozd\u011bj\u0161\u00edch p\u0159edpis\u016f (d\u00e1le jen z\u00e1kon), anebo z\u00e1vazn\u00e9ho stanoviska k\u00a0posouzen\u00ed vliv\u016f proveden\u00ed z\u00e1m\u011bru na\u00a0\u017eivotn\u00ed prost\u0159ed\u00ed dle \u00a7\u00a09a odst.\u00a01 z\u00e1kona nevyplynuly v\u00fdznamn\u011b negativn\u00ed vlivy na\u00a0lokality soustavy Natura\u00a02000.<\/p>\n<p>\u2022 V\u00fdzva, kapitola\u00a08.1: Zru\u0161en odstavec h), resp. po\u017eadavek byl p\u0159esunut do\u00a0kapitoly\u00a08.2.<\/p>\n<p>\u2022 Posunut\u00ed data ukon\u010den\u00ed p\u0159\u00edjmu \u017e\u00e1dost\u00ed o\u00a0podporu na\u00a030. \u010dervna\u00a02025.<\/p>\n<p>V\u0161echny v\u00fd\u0161e uveden\u00e9 zm\u011bny jsou formou reviz\u00ed zve\u0159ejn\u011bny v\u00a0n\u00ed\u017ee uveden\u00fdch dokumentech. Platnost v\u0161ech upraven\u00fdch podm\u00ednek je stanovena ode dne\u00a011.\u00a010.\u00a02024. V\u00fd\u0161e uveden\u00e9 zm\u011bny V\u00fdzvy a\u00a0p\u0159\u00edloh V\u00fdzvy se nevztahuj\u00ed na\u00a0\u017e\u00e1dosti o\u00a0podporu, kter\u00e9 ji\u017e byly \u017eadateli pod\u00e1ny. D\u00e1le se nevztahuj\u00ed na\u00a0\u017e\u00e1dosti o\u00a0podporu, kter\u00e9 budou pod\u00e1ny p\u0159ed\u00a0nabyt\u00edm platnosti v\u00fd\u0161e uveden\u00fdch zm\u011bn.<\/p>\n<p><strong>18. 6. 2024:<\/strong> Ministerstvo pr\u016fmyslu a obchodu informovalo o zm\u011bn\u011b na\u0159\u00edzen\u00ed podpory mal\u00e9ho rozsahu (de minimis), kdy Na\u0159\u00edzen\u00edm Komise (EU) \u010d. 2023\/2381 ze dne 13. prosince 2023 o pou\u017eit\u00ed \u010dl\u00e1nk\u016f 107 a 108 Smlouvy o fungov\u00e1n\u00ed Evropsk\u00e9 unie na podporu de minimis (\u00da\u0159edn\u00ed v\u011bstn\u00edk EU, L, 15. 12. 2023, str. 1-12) nahradilo Na\u0159\u00edzen\u00ed Komise (EU) \u010d. 1407\/2013 o podpo\u0159e de minimis.<\/p>\n<p>Dle na\u0159\u00edzen\u00ed \u010d.\u00a02023\/2831 je mo\u017en\u00e9 jednomu podniku poskytnout podporu de minimis do\u00a0maxim\u00e1ln\u00ed v\u00fd\u0161e\u00a0300\u00a0000 eur za\u00a0t\u0159\u00edlet\u00e9 obdob\u00ed, kter\u00e9 se posuzuje pr\u016fb\u011b\u017en\u011b (tj. p\u0159i\u00a0poskytnut\u00ed podpory se sleduj\u00ed podpory de minimis, kter\u00e9 jeden podnik obdr\u017eel v\u00a0obdob\u00ed t\u0159\u00ed let p\u0159edch\u00e1zej\u00edc\u00edch dni poskytnut\u00ed podpory).<\/p>\n<p>V souvislosti s\u00a0v\u00fd\u0161e uvedenou zm\u011bnou byl upraven text V\u00fdzvy a\u00a0p\u0159\u00edlohy \u010d.\u00a03 a\u00a07.<\/p>\n<p>Zm\u011bny jsou platn\u00e9 k\u00a018.\u00a06.\u00a02024<\/p>\n<table class=\"call-detail\" style=\"height: 278px;\" width=\"749\">\n<tbody>\n<tr style=\"height: 24px;\">\n<td style=\"width: 33.3333%; height: 48px;\" rowspan=\"2\"><strong>Na co lze z\u00edskat podporu<\/strong> (podporovan\u00e9 aktivity):<\/p>\n<ul>\n<li>V\u00fdstavba mal\u00fdch vodn\u00edch elektr\u00e1ren.<\/li>\n<li>Modernizace mal\u00fdch vodn\u00edch elektr\u00e1ren.<\/li>\n<\/ul>\n<p>&nbsp;<\/p>\n<p><strong>Kdo m\u016f\u017ee \u017e\u00e1dat<\/strong>\u00a0(p\u0159\u00edjemci podpory):<\/p>\n<ul>\n<li>mal\u00e9 a st\u0159edn\u00ed podniky<\/li>\n<li>velk\u00e9 podniky<\/li>\n<\/ul>\n<p>&nbsp;<\/p>\n<p><strong>Syst\u00e9m sb\u011bru \u017e\u00e1dost\u00ed:<\/strong><\/p>\n<ul>\n<li>pr\u016fb\u011b\u017en\u00fd<\/li>\n<\/ul>\n<\/td>\n<td style=\"width: 33.3333%; height: 24px;\"><strong>Kolik lze z\u00edskat na jeden projekt\u00a0<\/strong>(forma a v\u00fd\u0161e podpory):<\/p>\n<ul>\n<li>Dotace na projekt je poskytov\u00e1na minim\u00e1ln\u011b ve v\u00fd\u0161i<strong> 1 mil. K\u010d<\/strong> a maxim\u00e1ln\u011b do v\u00fd\u0161e <strong>100 mil.<\/strong> K\u010d.<\/li>\n<\/ul>\n<p>&nbsp;<\/p>\n<p><strong>M\u00edra podpory:<\/strong><\/p>\n<ul>\n<li>Mal\u00fd podnik: 65 %<\/li>\n<li>St\u0159edn\u00ed podnik: 55 %<\/li>\n<li>Velk\u00fd podnik: 45 %<\/li>\n<\/ul>\n<\/td>\n<td style=\"width: 33.3333%; height: 24px;\"><img loading=\"lazy\" decoding=\"async\" class=\"alignnone size-full wp-image-34315\" src=\"https:\/\/www.apiagentura.gov.cz\/wp-content\/uploads\/2023\/08\/optak-aktivita-4-obnovitelne-zdroje-energie-660x660-1.png\" alt=\"\" width=\"660\" height=\"660\" srcset=\"https:\/\/apiagentura.gov.cz\/wp-content\/uploads\/2023\/08\/optak-aktivita-4-obnovitelne-zdroje-energie-660x660-1.png 660w, https:\/\/apiagentura.gov.cz\/wp-content\/uploads\/2023\/08\/optak-aktivita-4-obnovitelne-zdroje-energie-660x660-1-300x300.png 300w, https:\/\/apiagentura.gov.cz\/wp-content\/uploads\/2023\/08\/optak-aktivita-4-obnovitelne-zdroje-energie-660x660-1-150x150.png 150w\" sizes=\"auto, (max-width: 660px) 100vw, 660px\" \/><\/td>\n<\/tr>\n<tr style=\"height: 24px;\">\n<td style=\"width: 33.3333%; height: 24px;\"><strong>Jak\u00e9 v\u00fddaje je mo\u017en\u00e9 podpo\u0159it\u00a0<\/strong>(zp\u016fsobil\u00e9 v\u00fddaje):<\/p>\n<ul>\n<li>Technologick\u00e1 \u010d\u00e1st stavby<\/li>\n<li>Stavebn\u00ed \u010d\u00e1st stavby<\/li>\n<li>in\u017een\u00fdrsk\u00e1 \u010dinnost<\/li>\n<li>projektov\u00e1 dokumentace <em>(de minimis)<\/em><\/li>\n<\/ul>\n<p>&nbsp;<\/p>\n<p>&nbsp;<\/p>\n<p>V\u00edce viz p\u0159\u00edloha \u010d. 3 Vymezen\u00ed zp\u016fsobil\u00fdch v\u00fddaj\u016f<\/p>\n<p>&nbsp;<\/td>\n<td style=\"width: 33.3333%; height: 24px;\" rowspan=\"2\"><strong>Specifika a omezen\u00ed:<\/strong><\/p>\n<ul>\n<li>Projekt mus\u00ed b\u00fdt realizov\u00e1n na \u00fazem\u00ed \u010cR mimo NUTS 2 Praha.<\/li>\n<li>Nejzaz\u0161\u00ed datum pro ukon\u010den\u00ed fyzick\u00e9 realizace projektu je <strong>30. 6. 2027<\/strong>.<\/li>\n<li>Indik\u00e1tor v\u00fdzvy povinn\u00fd k napln\u011bn\u00ed: <strong>Zv\u00fd\u0161en\u00ed instalovan\u00e9ho elektrick\u00e9ho v\u00fdkonu u podpo\u0159en\u00fdch subjekt\u016f <\/strong>&#8211; za takov\u00e9 zv\u00fd\u0161en\u00ed\u00a0se pova\u017euje, pokud se v r\u00e1mci technologick\u00fdch nebo konstruk\u010dn\u00edch za\u0159\u00edzen\u00ed v\u00fdrobny elekt\u0159iny a proveden\u00ed dal\u0161\u00edch \u00faprav provede alespo\u0148 <strong>v\u00fdm\u011bna nebo gener\u00e1ln\u00ed opravy turb\u00edny, gener\u00e1toru, regula\u010dn\u00edch za\u0159\u00edzen\u00ed a v\u00fdm\u011bna \u010di instalace nov\u00e9ho automatizovan\u00e9ho syst\u00e9mu \u0159\u00edzen\u00ed<\/strong>.<\/li>\n<li>Projekty, kter\u00e9 maj\u00ed charakter oprav a b\u011b\u017en\u00e9 \u00fadr\u017eby, nejsou p\u0159ijateln\u00e9.<\/li>\n<\/ul>\n<\/td>\n<\/tr>\n<tr style=\"height: 24px;\">\n<td style=\"width: 33.3333%; height: 24px;\" colspan=\"2\"><img loading=\"lazy\" decoding=\"async\" class=\"alignnone wp-image-34523 size-full\" src=\"https:\/\/www.apiagentura.gov.cz\/wp-content\/uploads\/2023\/08\/web-vyzva-optak-oze-mve-i.png\" alt=\"\" width=\"1072\" height=\"500\" srcset=\"https:\/\/apiagentura.gov.cz\/wp-content\/uploads\/2023\/08\/web-vyzva-optak-oze-mve-i.png 1072w, https:\/\/apiagentura.gov.cz\/wp-content\/uploads\/2023\/08\/web-vyzva-optak-oze-mve-i-300x140.png 300w, https:\/\/apiagentura.gov.cz\/wp-content\/uploads\/2023\/08\/web-vyzva-optak-oze-mve-i-1024x478.png 1024w, https:\/\/apiagentura.gov.cz\/wp-content\/uploads\/2023\/08\/web-vyzva-optak-oze-mve-i-768x358.png 768w\" sizes=\"auto, (max-width: 1072px) 100vw, 1072px\" \/><\/td>\n<\/tr>\n<\/tbody>\n<\/table>\n<p><\/p>","protected":false},"excerpt":{"rendered":"<p>C\u00edlem v\u00fdzvy je efektivn\u00ed a \u0161etrn\u00e9 vyu\u017e\u00edv\u00e1n\u00ed OZE, konkr\u00e9tn\u011b podpora v\u00fdstavby a modernizace mal\u00fdch vodn\u00edch elektr\u00e1ren.<\/p>\n","protected":false},"author":1,"featured_media":0,"parent":30069,"menu_order":0,"comment_status":"closed","ping_status":"closed","template":"","meta":{"inline_featured_image":false,"footnotes":""},"class_list":["post-34313","page","type-page","status-publish","hentry"],"publishpress_future_action":{"enabled":false,"date":"2026-05-06 23:37:53","action":"change-status","newStatus":"draft","terms":[],"taxonomy":"","extraData":[]},"publishpress_future_workflow_manual_trigger":{"enabledWorkflows":[]},"_links":{"self":[{"href":"https:\/\/apiagentura.gov.cz\/cs\/wp-json\/wp\/v2\/pages\/34313","targetHints":{"allow":["GET"]}}],"collection":[{"href":"https:\/\/apiagentura.gov.cz\/cs\/wp-json\/wp\/v2\/pages"}],"about":[{"href":"https:\/\/apiagentura.gov.cz\/cs\/wp-json\/wp\/v2\/types\/page"}],"author":[{"embeddable":true,"href":"https:\/\/apiagentura.gov.cz\/cs\/wp-json\/wp\/v2\/users\/1"}],"replies":[{"embeddable":true,"href":"https:\/\/apiagentura.gov.cz\/cs\/wp-json\/wp\/v2\/comments?post=34313"}],"version-history":[{"count":2,"href":"https:\/\/apiagentura.gov.cz\/cs\/wp-json\/wp\/v2\/pages\/34313\/revisions"}],"predecessor-version":[{"id":45149,"href":"https:\/\/apiagentura.gov.cz\/cs\/wp-json\/wp\/v2\/pages\/34313\/revisions\/45149"}],"up":[{"embeddable":true,"href":"https:\/\/apiagentura.gov.cz\/cs\/wp-json\/wp\/v2\/pages\/30069"}],"wp:attachment":[{"href":"https:\/\/apiagentura.gov.cz\/cs\/wp-json\/wp\/v2\/media?parent=34313"}],"curies":[{"name":"wp","href":"https:\/\/api.w.org\/{rel}","templated":true}]}}