{"id":92,"date":"2016-06-27T13:25:10","date_gmt":"2016-06-27T12:25:10","guid":{"rendered":"http:\/\/www.ci-api.dev\/?page_id=92"},"modified":"2021-06-15T13:12:04","modified_gmt":"2021-06-15T11:12:04","slug":"verejna-podpora-a-de-minimis","status":"publish","type":"page","link":"https:\/\/apiagentura.gov.cz\/cs\/metodika\/verejna-podpora-a-de-minimis\/","title":{"rendered":"Ve\u0159ejn\u00e1 podpora a de minimis"},"content":{"rendered":"<p><\/p>\n<p style=\"text-align: left;\"><strong>Ve\u0159ejn\u00e1 podpora<\/strong><\/p>\n<p style=\"text-align: left;\">Ve\u0159ejnou podporou se rozum\u00ed ka\u017ed\u00e1 <strong>podpora poskytnut\u00e1 v\u00a0jak\u00e9koli form\u011b st\u00e1tem nebo ze\u00a0st\u00e1tn\u00edch prost\u0159edk\u016f<\/strong>, kter\u00e1 <strong>naru\u0161uje nebo m\u016f\u017ee naru\u0161it hospod\u00e1\u0159skou sout\u011b\u017e<\/strong> t\u00edm, \u017ee\u00a0zv\u00fdhod\u0148uje ur\u010dit\u00e9 podniky nebo ur\u010dit\u00e1 odv\u011btv\u00ed v\u00fdroby, a\u00a0pokud ovliv\u0148uje obchod mezi \u010dlensk\u00fdmi st\u00e1ty. Podpora, kter\u00e1 spl\u0148uje tato uveden\u00e1 krit\u00e9ria, je <strong>neslu\u010diteln\u00e1 se spole\u010dn\u00fdm trhem, a\u00a0tedy zak\u00e1zan\u00e1<\/strong>. V\u00fdjimka z\u00a0obecn\u00e9ho z\u00e1kazu poskytov\u00e1n\u00ed ve\u0159ejn\u00e9 podpory <strong>m\u016f\u017ee b\u00fdt povolena na\u00a0z\u00e1klad\u011b tzv. blokov\u00fdch v\u00fdjimek \u010di\u00a0na\u00a0z\u00e1klad\u011b rozhodnut\u00ed Evropsk\u00e9 komise<\/strong>.<\/p>\n<p style=\"text-align: left;\"><strong><br \/>\nDe minimis<\/strong><\/p>\n<p style=\"text-align: left;\">Podpora de minimis nem\u00e1 dopad na hospod\u00e1\u0159skou sout\u011b\u017e, ani neovliv\u0148uje obchod mezi \u010dlensk\u00fdmi st\u00e1ty Evropsk\u00e9 unie (vzhledem ke sv\u00e9 limitovan\u00e9 v\u00fd\u0161i), a proto <strong>nen\u00ed p\u0159i dodr\u017een\u00ed v\u0161ech ustanoven\u00ed dan\u00fdch p\u0159\u00edslu\u0161n\u00fdm na\u0159\u00edzen\u00edm EK pova\u017eov\u00e1na za ve\u0159ejnou podporu<\/strong>.<\/p>\n<p style=\"text-align: left;\">De minimis p\u0159edstavuje takovou podporu, kter\u00e1 nesm\u00ed spolu s ostatn\u00edmi podporami de minimis poskytnut\u00fdmi jednomu p\u0159\u00edjemci<strong> za dobu t\u0159\u00ed let p\u0159es\u00e1hnout v\u00fd\u0161i odpov\u00eddaj\u00edc\u00ed \u010d\u00e1stce 200 000 EUR<\/strong>. Za\u00a0t\u0159\u00edlet\u00e9 obdob\u00ed\u00a0se pova\u017euj\u00ed fisk\u00e1ln\u00ed roky pou\u017e\u00edvan\u00e9 k\u00a0da\u0148ov\u00fdm \u00fa\u010del\u016fm. Podpora se<strong> sleduje kumulativn\u011b u v\u0161ech subjekt\u016f pr\u00e1vn\u011b \u010di fakticky kontrolovan\u00fdch jedn\u00edm subjektem za t\u0159\u00edlet\u00e9 obdob\u00ed v\u00a0r\u00e1mci jednoho st\u00e1tu<\/strong> \u2013 tzv.\u00a0jeden podnik.<\/p>\n<p style=\"text-align: left;\">Pro p\u0159epo\u010det \u010d\u00e1stky podpory de minimis z\u00a0EUR na K\u010d se pou\u017e\u00edv\u00e1 m\u011bnov\u00fd kurz Evropsk\u00e9 centr\u00e1ln\u00ed banky platn\u00fd v\u00a0den vyd\u00e1n\u00ed Rozhodnut\u00ed o poskytnut\u00ed dotace. M\u011bnov\u00e9 kurzy Evropsk\u00e9 centr\u00e1ln\u00ed banky naleznete <a href=\"http:\/\/www.ecb.europa.eu\/stats\/exchange\/eurofxref\/html\/index.en.html\" target=\"_blank\" rel=\"noopener noreferrer\">zde.<\/a><\/p>\n<p style=\"text-align: left;\">Poskytovatel podpory de minimis je povinen p\u0159ed jej\u00edm poskytnut\u00edm p\u00edsemn\u011b sd\u011blit podniku zam\u00fd\u0161lenou \u010d\u00e1stku podpory, upozornit jej na charakter podpory a d\u00e1le je poskytovatel povinen vy\u017e\u00e1dat si od dan\u00e9ho podniku prohl\u00e1\u0161en\u00ed o v\u0161ech dal\u0161\u00edch podpor\u00e1ch de minimis, kter\u00e9 tento podnik v p\u0159edchoz\u00edch dvou fisk\u00e1ln\u00edch letech a v sou\u010dasn\u00e9m fisk\u00e1ln\u00edm roce obdr\u017eel. Poskytovatel\u00e9 podpory de minimis maj\u00ed povinnost zaznamenat \u00fadaje o poskytnut\u00e9 podpo\u0159e do centr\u00e1ln\u00edho registru de minimis. P\u0159\u00edjemci podpory de minimis si mohou vyhled\u00e1vat informace o podpor\u00e1ch mal\u00e9ho rozsahu, kter\u00e9 jim byly poskytnuty od 1. 1. 2010, na webov\u00e9 str\u00e1nce Ministerstva zem\u011bd\u011blstv\u00ed eAGRI <a href=\"http:\/\/eagri.cz\/public\/app\/RDM\/Portal\" target=\"_blank\" rel=\"noopener noreferrer\">zde.<\/a><\/p>\n<p><\/p>","protected":false},"excerpt":{"rendered":"<p>Ve\u0159ejn\u00e1 podpora Ve\u0159ejnou podporou se rozum\u00ed ka\u017ed\u00e1 podpora poskytnut\u00e1 v\u00a0jak\u00e9koli form\u011b st\u00e1tem nebo ze\u00a0st\u00e1tn\u00edch prost\u0159edk\u016f, kter\u00e1 naru\u0161uje nebo m\u016f\u017ee naru\u0161it hospod\u00e1\u0159skou sout\u011b\u017e t\u00edm, \u017ee\u00a0zv\u00fdhod\u0148uje ur\u010dit\u00e9 podniky nebo ur\u010dit\u00e1 odv\u011btv\u00ed v\u00fdroby, a\u00a0pokud ovliv\u0148uje obchod mezi \u010dlensk\u00fdmi st\u00e1ty. Podpora, kter\u00e1 spl\u0148uje tato uveden\u00e1 krit\u00e9ria, je neslu\u010diteln\u00e1 se spole\u010dn\u00fdm trhem, a\u00a0tedy zak\u00e1zan\u00e1. V\u00fdjimka z\u00a0obecn\u00e9ho z\u00e1kazu poskytov\u00e1n\u00ed ve\u0159ejn\u00e9 podpory [&hellip;]<\/p>\n","protected":false},"author":35,"featured_media":0,"parent":88,"menu_order":0,"comment_status":"closed","ping_status":"closed","template":"","meta":{"inline_featured_image":false,"footnotes":""},"class_list":["post-92","page","type-page","status-publish","hentry"],"publishpress_future_action":{"enabled":false,"date":"2026-05-06 16:12:55","action":"change-status","newStatus":"draft","terms":[],"taxonomy":"","extraData":[]},"publishpress_future_workflow_manual_trigger":{"enabledWorkflows":[]},"_links":{"self":[{"href":"https:\/\/apiagentura.gov.cz\/cs\/wp-json\/wp\/v2\/pages\/92","targetHints":{"allow":["GET"]}}],"collection":[{"href":"https:\/\/apiagentura.gov.cz\/cs\/wp-json\/wp\/v2\/pages"}],"about":[{"href":"https:\/\/apiagentura.gov.cz\/cs\/wp-json\/wp\/v2\/types\/page"}],"author":[{"embeddable":true,"href":"https:\/\/apiagentura.gov.cz\/cs\/wp-json\/wp\/v2\/users\/35"}],"replies":[{"embeddable":true,"href":"https:\/\/apiagentura.gov.cz\/cs\/wp-json\/wp\/v2\/comments?post=92"}],"version-history":[{"count":0,"href":"https:\/\/apiagentura.gov.cz\/cs\/wp-json\/wp\/v2\/pages\/92\/revisions"}],"up":[{"embeddable":true,"href":"https:\/\/apiagentura.gov.cz\/cs\/wp-json\/wp\/v2\/pages\/88"}],"wp:attachment":[{"href":"https:\/\/apiagentura.gov.cz\/cs\/wp-json\/wp\/v2\/media?parent=92"}],"curies":[{"name":"wp","href":"https:\/\/api.w.org\/{rel}","templated":true}]}}